{"id":198,"date":"2021-08-10T16:18:50","date_gmt":"2021-08-10T16:18:50","guid":{"rendered":"https:\/\/csdcab.tondesign.ca\/val-des-bois\/?page_id=198"},"modified":"2025-12-17T17:40:28","modified_gmt":"2025-12-17T21:40:28","slug":"climat-scolaire","status":"publish","type":"page","link":"https:\/\/sj.csdcab.ca\/en\/notre-ecole\/climat-scolaire\/","title":{"rendered":"School climate"},"content":{"rendered":"\t\t<div data-elementor-type=\"wp-page\" data-elementor-id=\"198\" class=\"elementor elementor-198\" data-elementor-post-type=\"page\">\n\t\t\t\t\t\t<section class=\"elementor-section elementor-top-section elementor-element elementor-element-087c9a8 elementor-section-boxed elementor-section-height-default elementor-section-height-default\" data-id=\"087c9a8\" data-element_type=\"section\" data-e-type=\"section\" data-settings=\"{&quot;jet_parallax_layout_list&quot;:[{&quot;jet_parallax_layout_image&quot;:{&quot;url&quot;:&quot;&quot;,&quot;id&quot;:&quot;&quot;,&quot;size&quot;:&quot;&quot;},&quot;_id&quot;:&quot;0f122b3&quot;,&quot;jet_parallax_layout_image_tablet&quot;:{&quot;url&quot;:&quot;&quot;,&quot;id&quot;:&quot;&quot;,&quot;size&quot;:&quot;&quot;},&quot;jet_parallax_layout_image_mobile&quot;:{&quot;url&quot;:&quot;&quot;,&quot;id&quot;:&quot;&quot;,&quot;size&quot;:&quot;&quot;},&quot;jet_parallax_layout_speed&quot;:{&quot;unit&quot;:&quot;%&quot;,&quot;size&quot;:50,&quot;sizes&quot;:[]},&quot;jet_parallax_layout_type&quot;:&quot;scroll&quot;,&quot;jet_parallax_layout_direction&quot;:&quot;1&quot;,&quot;jet_parallax_layout_fx_direction&quot;:null,&quot;jet_parallax_layout_z_index&quot;:&quot;&quot;,&quot;jet_parallax_layout_bg_x&quot;:50,&quot;jet_parallax_layout_bg_x_tablet&quot;:&quot;&quot;,&quot;jet_parallax_layout_bg_x_mobile&quot;:&quot;&quot;,&quot;jet_parallax_layout_bg_y&quot;:50,&quot;jet_parallax_layout_bg_y_tablet&quot;:&quot;&quot;,&quot;jet_parallax_layout_bg_y_mobile&quot;:&quot;&quot;,&quot;jet_parallax_layout_bg_size&quot;:&quot;auto&quot;,&quot;jet_parallax_layout_bg_size_tablet&quot;:&quot;&quot;,&quot;jet_parallax_layout_bg_size_mobile&quot;:&quot;&quot;,&quot;jet_parallax_layout_animation_prop&quot;:&quot;transform&quot;,&quot;jet_parallax_layout_on&quot;:[&quot;desktop&quot;,&quot;tablet&quot;]}]}\">\n\t\t\t\t\t\t<div class=\"elementor-container elementor-column-gap-no\">\n\t\t\t\t\t<div class=\"elementor-column elementor-col-50 elementor-top-column elementor-element elementor-element-326f294\" data-id=\"326f294\" data-element_type=\"column\" data-e-type=\"column\">\n\t\t\t<div class=\"elementor-widget-wrap elementor-element-populated\">\n\t\t\t\t\t\t<div class=\"elementor-element elementor-element-2520efe elementor-widget elementor-widget-heading\" data-id=\"2520efe\" data-element_type=\"widget\" data-e-type=\"widget\" data-widget_type=\"heading.default\">\n\t\t\t\t<div class=\"elementor-widget-container\">\n\t\t\t\t\t<h2 class=\"elementor-heading-title elementor-size-default\">Notre \u00e9cole<\/h2>\t\t\t\t<\/div>\n\t\t\t\t<\/div>\n\t\t\t\t<div class=\"elementor-element elementor-element-5015f6d elementor-widget elementor-widget-text-editor\" data-id=\"5015f6d\" data-element_type=\"widget\" data-e-type=\"widget\" data-widget_type=\"text-editor.default\">\n\t\t\t\t<div class=\"elementor-widget-container\">\n\t\t\t\t\t\t\t\t\t<p>L&rsquo;\u00e9cole St-Joseph est un milieu de vie o\u00f9 chacun a le droit et la possibilit\u00e9 de s&rsquo;\u00e9panouir pleinement. En offrant une \u00e9ducation francophone catholique de qualit\u00e9, nous accompagnons nos \u00e9l\u00e8ves afin qu&rsquo;ils soient autonomes, responsables et mieux pr\u00e9par\u00e9s pour l&rsquo;avenir.<\/p><p>Dans un environnement s\u00e9curitaire, valorisant et inclusif, et gr\u00e2ce \u00e0 la collaboration et au d\u00e9vouement du personnel, des parents et des partenaires communautaires, nos \u00e9l\u00e8ves vivent des exp\u00e9riences de vie authentiques \u00e0 travers une multitude d&rsquo;activit\u00e9s scolaires, culturelles et spirituelles.<\/p>\t\t\t\t\t\t\t\t<\/div>\n\t\t\t\t<\/div>\n\t\t\t\t\t<\/div>\n\t\t<\/div>\n\t\t\t\t<div class=\"elementor-column elementor-col-50 elementor-top-column elementor-element elementor-element-022e7cc\" data-id=\"022e7cc\" data-element_type=\"column\" data-e-type=\"column\" data-settings=\"{&quot;background_background&quot;:&quot;classic&quot;}\">\n\t\t\t<div class=\"elementor-widget-wrap elementor-element-populated\">\n\t\t\t\t\t\t<div class=\"elementor-element elementor-element-1731a48 elementor-widget elementor-widget-spacer\" data-id=\"1731a48\" data-element_type=\"widget\" data-e-type=\"widget\" data-widget_type=\"spacer.default\">\n\t\t\t\t<div class=\"elementor-widget-container\">\n\t\t\t\t\t\t\t<div class=\"elementor-spacer\">\n\t\t\t<div class=\"elementor-spacer-inner\"><\/div>\n\t\t<\/div>\n\t\t\t\t\t\t<\/div>\n\t\t\t\t<\/div>\n\t\t\t\t\t<\/div>\n\t\t<\/div>\n\t\t\t\t\t<\/div>\n\t\t<\/section>\n\t\t\t\t<section class=\"elementor-section elementor-top-section elementor-element elementor-element-f81131b elementor-section-full_width elementor-section-content-middle elementor-section-height-default elementor-section-height-default\" data-id=\"f81131b\" data-element_type=\"section\" data-e-type=\"section\" data-settings=\"{&quot;jet_parallax_layout_list&quot;:[{&quot;jet_parallax_layout_image&quot;:{&quot;url&quot;:&quot;&quot;,&quot;id&quot;:&quot;&quot;,&quot;size&quot;:&quot;&quot;},&quot;_id&quot;:&quot;bafdc0a&quot;,&quot;jet_parallax_layout_image_tablet&quot;:{&quot;url&quot;:&quot;&quot;,&quot;id&quot;:&quot;&quot;,&quot;size&quot;:&quot;&quot;},&quot;jet_parallax_layout_image_mobile&quot;:{&quot;url&quot;:&quot;&quot;,&quot;id&quot;:&quot;&quot;,&quot;size&quot;:&quot;&quot;},&quot;jet_parallax_layout_speed&quot;:{&quot;unit&quot;:&quot;%&quot;,&quot;size&quot;:50,&quot;sizes&quot;:[]},&quot;jet_parallax_layout_type&quot;:&quot;scroll&quot;,&quot;jet_parallax_layout_direction&quot;:&quot;1&quot;,&quot;jet_parallax_layout_fx_direction&quot;:null,&quot;jet_parallax_layout_z_index&quot;:&quot;&quot;,&quot;jet_parallax_layout_bg_x&quot;:50,&quot;jet_parallax_layout_bg_x_tablet&quot;:&quot;&quot;,&quot;jet_parallax_layout_bg_x_mobile&quot;:&quot;&quot;,&quot;jet_parallax_layout_bg_y&quot;:50,&quot;jet_parallax_layout_bg_y_tablet&quot;:&quot;&quot;,&quot;jet_parallax_layout_bg_y_mobile&quot;:&quot;&quot;,&quot;jet_parallax_layout_bg_size&quot;:&quot;auto&quot;,&quot;jet_parallax_layout_bg_size_tablet&quot;:&quot;&quot;,&quot;jet_parallax_layout_bg_size_mobile&quot;:&quot;&quot;,&quot;jet_parallax_layout_animation_prop&quot;:&quot;transform&quot;,&quot;jet_parallax_layout_on&quot;:[&quot;desktop&quot;,&quot;tablet&quot;]}],&quot;background_background&quot;:&quot;gradient&quot;}\">\n\t\t\t\t\t\t<div class=\"elementor-container elementor-column-gap-no\">\n\t\t\t\t\t<div class=\"elementor-column elementor-col-50 elementor-top-column elementor-element elementor-element-980229d\" data-id=\"980229d\" data-element_type=\"column\" data-e-type=\"column\">\n\t\t\t<div class=\"elementor-widget-wrap elementor-element-populated\">\n\t\t\t\t\t\t<div class=\"elementor-element elementor-element-4a2cb85 elementor-widget elementor-widget-image\" data-id=\"4a2cb85\" data-element_type=\"widget\" data-e-type=\"widget\" data-widget_type=\"image.default\">\n\t\t\t\t<div class=\"elementor-widget-container\">\n\t\t\t\t\t\t\t\t\t\t\t\t\t\t\t<img fetchpriority=\"high\" decoding=\"async\" width=\"1000\" height=\"1000\" src=\"https:\/\/sj.csdcab.ca\/wp-content\/uploads\/sites\/10\/2021\/10\/Mission_SJ.png\" class=\"attachment-large size-large wp-image-1675\" alt=\"\" srcset=\"https:\/\/sj.csdcab.ca\/wp-content\/uploads\/sites\/10\/2021\/10\/Mission_SJ.png 1000w, https:\/\/sj.csdcab.ca\/wp-content\/uploads\/sites\/10\/2021\/10\/Mission_SJ-300x300.png 300w, https:\/\/sj.csdcab.ca\/wp-content\/uploads\/sites\/10\/2021\/10\/Mission_SJ-150x150.png 150w, https:\/\/sj.csdcab.ca\/wp-content\/uploads\/sites\/10\/2021\/10\/Mission_SJ-768x768.png 768w, https:\/\/sj.csdcab.ca\/wp-content\/uploads\/sites\/10\/2021\/10\/Mission_SJ-12x12.png 12w, https:\/\/sj.csdcab.ca\/wp-content\/uploads\/sites\/10\/2021\/10\/Mission_SJ-230x230.png 230w, https:\/\/sj.csdcab.ca\/wp-content\/uploads\/sites\/10\/2021\/10\/Mission_SJ-400x400.png 400w, https:\/\/sj.csdcab.ca\/wp-content\/uploads\/sites\/10\/2021\/10\/Mission_SJ-600x600.png 600w, https:\/\/sj.csdcab.ca\/wp-content\/uploads\/sites\/10\/2021\/10\/Mission_SJ-640x640.png 640w\" sizes=\"(max-width: 1000px) 100vw, 1000px\" \/>\t\t\t\t\t\t\t\t\t\t\t\t\t\t\t<\/div>\n\t\t\t\t<\/div>\n\t\t\t\t\t<\/div>\n\t\t<\/div>\n\t\t\t\t<div class=\"elementor-column elementor-col-50 elementor-top-column elementor-element elementor-element-e6e7ae6\" data-id=\"e6e7ae6\" data-element_type=\"column\" data-e-type=\"column\">\n\t\t\t<div class=\"elementor-widget-wrap elementor-element-populated\">\n\t\t\t\t\t\t<div class=\"elementor-element elementor-element-3e282b2 elementor-widget elementor-widget-heading\" data-id=\"3e282b2\" data-element_type=\"widget\" data-e-type=\"widget\" data-widget_type=\"heading.default\">\n\t\t\t\t<div class=\"elementor-widget-container\">\n\t\t\t\t\t<h2 class=\"elementor-heading-title elementor-size-default\"><a href=\"https:\/\/csdcab.ca\/wp-content\/uploads\/2023\/01\/SJ-Code-de-vie_janvier2023-1.pdf\" target=\"_blank\">Code de vie\n\n<i class=\"fas fa-external-link-alt\"><\/i><\/li><\/a><\/h2>\t\t\t\t<\/div>\n\t\t\t\t<\/div>\n\t\t\t\t<div class=\"elementor-element elementor-element-f643ebb elementor-tabs-view-vertical elementor-widget elementor-widget-tabs\" data-id=\"f643ebb\" data-element_type=\"widget\" data-e-type=\"widget\" data-widget_type=\"tabs.default\">\n\t\t\t\t<div class=\"elementor-widget-container\">\n\t\t\t\t\t\t\t<div class=\"elementor-tabs\">\n\t\t\t<div class=\"elementor-tabs-wrapper\" role=\"tablist\" >\n\t\t\t\t\t\t\t\t\t<div id=\"elementor-tab-title-2581\" class=\"elementor-tab-title elementor-tab-desktop-title\" aria-selected=\"true\" data-tab=\"1\" role=\"tab\" tabindex=\"0\" aria-controls=\"elementor-tab-content-2581\" aria-expanded=\"false\">Biblioth\u00e8que<\/div>\n\t\t\t\t\t\t\t\t\t<div id=\"elementor-tab-title-2582\" class=\"elementor-tab-title elementor-tab-desktop-title\" aria-selected=\"false\" data-tab=\"2\" role=\"tab\" tabindex=\"-1\" aria-controls=\"elementor-tab-content-2582\" aria-expanded=\"false\">Corridors<\/div>\n\t\t\t\t\t\t\t\t\t<div id=\"elementor-tab-title-2583\" class=\"elementor-tab-title elementor-tab-desktop-title\" aria-selected=\"false\" data-tab=\"3\" role=\"tab\" tabindex=\"-1\" aria-controls=\"elementor-tab-content-2583\" aria-expanded=\"false\">Cour de r\u00e9cr\u00e9ation<\/div>\n\t\t\t\t\t\t\t\t\t<div id=\"elementor-tab-title-2584\" class=\"elementor-tab-title elementor-tab-desktop-title\" aria-selected=\"false\" data-tab=\"4\" role=\"tab\" tabindex=\"-1\" aria-controls=\"elementor-tab-content-2584\" aria-expanded=\"false\">Salle \u00e0 diner<\/div>\n\t\t\t\t\t\t\t\t\t<div id=\"elementor-tab-title-2585\" class=\"elementor-tab-title elementor-tab-desktop-title\" aria-selected=\"false\" data-tab=\"5\" role=\"tab\" tabindex=\"-1\" aria-controls=\"elementor-tab-content-2585\" aria-expanded=\"false\">Gymnase<\/div>\n\t\t\t\t\t\t\t\t\t<div id=\"elementor-tab-title-2586\" class=\"elementor-tab-title elementor-tab-desktop-title\" aria-selected=\"false\" data-tab=\"6\" role=\"tab\" tabindex=\"-1\" aria-controls=\"elementor-tab-content-2586\" aria-expanded=\"false\">Salle de classe<\/div>\n\t\t\t\t\t\t\t<\/div>\n\t\t\t<div class=\"elementor-tabs-content-wrapper\" role=\"tablist\" aria-orientation=\"vertical\">\n\t\t\t\t\t\t\t\t\t<div class=\"elementor-tab-title elementor-tab-mobile-title\" aria-selected=\"true\" data-tab=\"1\" role=\"tab\" tabindex=\"0\" aria-controls=\"elementor-tab-content-2581\" aria-expanded=\"false\">Biblioth\u00e8que<\/div>\n\t\t\t\t\t<div id=\"elementor-tab-content-2581\" class=\"elementor-tab-content elementor-clearfix\" data-tab=\"1\" role=\"tabpanel\" aria-labelledby=\"elementor-tab-title-2581\" tabindex=\"0\" hidden=\"false\"><p><strong>Respect<\/strong><\/p><ul><li>J&rsquo;utilise un ton de voix appropri\u00e9.<\/li><li>J&rsquo;attends mon tour pour parler\u00e9<\/li><li>J&rsquo;utilise la position d&rsquo;\u00e9coute.<\/li><li>Je l\u00e8ve la main pour avoir la parole.<\/li><li>Je m&rsquo;adresse aux autres poliment.<\/li><li>Je cherche \u00e0 comprendre les id\u00e9es et les opinions des autres.<\/li><li>Je collabore avec mes co-\u00e9quipiers.<\/li><li>Je prends soin du mat\u00e9riel scolaire.<\/li><\/ul><p><strong>Fiert\u00e9<\/strong><\/p><ul><li>Je parle fran\u00e7ais.<\/li><li>J&rsquo;encourage les autres \u00e0 parler fran\u00e7ais.<\/li><li>Je fournis des efforts continus pour faire de mon mieux.<\/li><li>Je m&rsquo;engage \u00e0 produire des travaux de qualit\u00e9.<\/li><li>Je pers\u00e9v\u00e8re lorsque je fais face \u00e0 des d\u00e9fis.<\/li><li>Je d\u00e9montre un bon comportement.<\/li><li>Je fais de bons choix.<\/li><li>Je d\u00e9montre de l&#8217;empathie.<\/li><\/ul><p><strong>Responsabilit\u00e9<\/strong><\/p><ul><li>J&rsquo;arrive pr\u00eat \u00e0 travailler.<\/li><li>Je pr\u00e9pare et je range le mat\u00e9riel scolaire.<\/li><li>Je remets les travaux \u00e0 temps.<\/li><li>Je m&rsquo;engage \u00e0 participer aux activit\u00e9s.<\/li><li>Je contribue au bon fonctionnement de la salle de classe.<\/li><li>J&rsquo;accepte les cons\u00e9quences de mes actions.<\/li><li>Je fais des gestes r\u00e9parateurs.<\/li><\/ul><\/div>\n\t\t\t\t\t\t\t\t\t<div class=\"elementor-tab-title elementor-tab-mobile-title\" aria-selected=\"false\" data-tab=\"2\" role=\"tab\" tabindex=\"-1\" aria-controls=\"elementor-tab-content-2582\" aria-expanded=\"false\">Corridors<\/div>\n\t\t\t\t\t<div id=\"elementor-tab-content-2582\" class=\"elementor-tab-content elementor-clearfix\" data-tab=\"2\" role=\"tabpanel\" aria-labelledby=\"elementor-tab-title-2582\" tabindex=\"0\" hidden=\"hidden\"><p><strong>Respect<\/strong><\/p><ul><li>Je m&rsquo;excuse quand je veux passer.<\/li><li>Je garde une distance entre les autres et moi.<\/li><li>Je touche juste ce qui m&rsquo;appartient.<\/li><li>Je d\u00e9montre des paroles et gestes de courtoisie.<\/li><\/ul><p><strong>Fiert\u00e9<\/strong><\/p><ul><li>Je parle fran\u00e7ais.<\/li><li>Je souris.<\/li><li>J&rsquo;utilise un ton appropri.\u00e9.<\/li><\/ul><p><strong>Responsabilit\u00e9<\/strong><\/p><ul><li>Je circule \u00e0 la droite.<\/li><li>Je montre l&rsquo;exemple.<\/li><\/ul><\/div>\n\t\t\t\t\t\t\t\t\t<div class=\"elementor-tab-title elementor-tab-mobile-title\" aria-selected=\"false\" data-tab=\"3\" role=\"tab\" tabindex=\"-1\" aria-controls=\"elementor-tab-content-2583\" aria-expanded=\"false\">Cour de r\u00e9cr\u00e9ation<\/div>\n\t\t\t\t\t<div id=\"elementor-tab-content-2583\" class=\"elementor-tab-content elementor-clearfix\" data-tab=\"3\" role=\"tabpanel\" aria-labelledby=\"elementor-tab-title-2583\" tabindex=\"0\" hidden=\"hidden\"><p><strong>Respect<\/strong><\/p><ul><li>Je paratage et je prends des tours.<\/li><li>Je fais attention \u00e0 mon entourage.<\/li><\/ul><p><strong>Fiert\u00e9<\/strong><\/p><ul><li>Je parle fran\u00e7ais.<\/li><li>Je joue pour le plaisir.<\/li><\/ul><p><strong>Responsabilit\u00e9<\/strong><\/p><ul><li>Je range les jouets.<\/li><li>Je me place en rang \u00e0 la cloche.<\/li><li>J&rsquo;avise un adulte des mes d\u00e9placements.<\/li><\/ul><\/div>\n\t\t\t\t\t\t\t\t\t<div class=\"elementor-tab-title elementor-tab-mobile-title\" aria-selected=\"false\" data-tab=\"4\" role=\"tab\" tabindex=\"-1\" aria-controls=\"elementor-tab-content-2584\" aria-expanded=\"false\">Salle \u00e0 diner<\/div>\n\t\t\t\t\t<div id=\"elementor-tab-content-2584\" class=\"elementor-tab-content elementor-clearfix\" data-tab=\"4\" role=\"tabpanel\" aria-labelledby=\"elementor-tab-title-2584\" tabindex=\"0\" hidden=\"hidden\"><p><strong>Respect<\/strong><\/p><ul><li>Je garde ma place propre.<\/li><li>J&rsquo;utilise un ton de voix appropri\u00e9.<\/li><\/ul><p><strong>Fiert\u00e9<\/strong><\/p><ul><li>Je parle fran\u00e7ais.<\/li><li>Je mange mon propre diner.<\/li><\/ul><p><strong>Responsabilit\u00e9<\/strong><\/p><ul><li>Je mets les d\u00e9chets \u00e0 la poubelle quand j&rsquo;ai tout fini mon diner.<\/li><li>J&rsquo;avise un adulte de mes d\u00e9placements.<\/li><\/ul><\/div>\n\t\t\t\t\t\t\t\t\t<div class=\"elementor-tab-title elementor-tab-mobile-title\" aria-selected=\"false\" data-tab=\"5\" role=\"tab\" tabindex=\"-1\" aria-controls=\"elementor-tab-content-2585\" aria-expanded=\"false\">Gymnase<\/div>\n\t\t\t\t\t<div id=\"elementor-tab-content-2585\" class=\"elementor-tab-content elementor-clearfix\" data-tab=\"5\" role=\"tabpanel\" aria-labelledby=\"elementor-tab-title-2585\" tabindex=\"0\" hidden=\"hidden\"><p><strong>Respect<\/strong><\/p><ul><li>Je suis les r\u00e8gles du jeu.<\/li><li>Je fais attention \u00e0 mon entourage.<\/li><li>Je fais attention \u00e0 mes co-\u00e9quipiers.<\/li><\/ul><p><strong>Fiert\u00e9<\/strong><\/p><ul><li>Je parle fran\u00e7ais.<\/li><li>J&rsquo;encourage mes co-\u00e9quipiers \u00e0 jouer fanc-jeu.<\/li><li>J&rsquo;ai un bon esprit sportif.<\/li><li>J&rsquo;accepte de ne pas toujours gagner.<\/li><li>Je m&rsquo;engage aux strat\u00e9gies d&rsquo;\u00e9quipe.<\/li><\/ul><p><strong>Responsabilit\u00e9<\/strong><\/p><ul><li>Je participe pour m&rsquo;am\u00e9liorer.<\/li><li>Je d\u00e9montre de la pers\u00e9v\u00e9rance.<\/li><\/ul><\/div>\n\t\t\t\t\t\t\t\t\t<div class=\"elementor-tab-title elementor-tab-mobile-title\" aria-selected=\"false\" data-tab=\"6\" role=\"tab\" tabindex=\"-1\" aria-controls=\"elementor-tab-content-2586\" aria-expanded=\"false\">Salle de classe<\/div>\n\t\t\t\t\t<div id=\"elementor-tab-content-2586\" class=\"elementor-tab-content elementor-clearfix\" data-tab=\"6\" role=\"tabpanel\" aria-labelledby=\"elementor-tab-title-2586\" tabindex=\"0\" hidden=\"hidden\"><p><strong>Respect<\/strong><\/p><ul><li>J&rsquo;utilise un ton de voix appropri\u00e9.<\/li><li>J&rsquo;attends mon tour pour parler.<\/li><li>J&rsquo;utilise la position d&rsquo;\u00e9coute.<\/li><li>Je l\u00e8ve la main pour avoir la parole.<\/li><li>Je m&rsquo;adresse aux autres poliment.<\/li><li>Je cherche \u00e0 comprendre les id\u00e9es et les opinions des autres.<\/li><li>Je collabore avec mes co-\u00e9quipiers.<\/li><li>Je prends soin du mat\u00e9riel scolaire.<\/li><\/ul><p><strong>Fiert\u00e9<\/strong><\/p><ul><li>Je parle fran\u00e7ais.<\/li><li>J&rsquo;encourage les autres \u00e0 parler fran\u00e7ais.<\/li><li>Je fournis des efforts continus pour faire de mon mieux.<\/li><li>Je m&rsquo;engage \u00e0 produire des travaux de qualit\u00e9.<\/li><li>Je pers\u00e9v\u00e8re lorsque je fais face \u00e0 des d\u00e9fis.<\/li><li>Je d\u00e9montre un bon comportement.<\/li><li>Je fais de bons choix.<\/li><li>Je d\u00e9montre de l&#8217;empathie.<\/li><\/ul><p><strong>Responsabilit\u00e9<\/strong><\/p><ul><li>J&rsquo;arrive pr\u00eat \u00e0 travailler.<\/li><li>Je pr\u00e9pare et je range le mat\u00e9riel scolaire.<\/li><li>Je m&rsquo;engage \u00e0 suivre les routines.<\/li><li>Je remets les travaux \u00e0 temps.<\/li><li>Je m&rsquo;engage \u00e0 participer aux activit\u00e9s.<\/li><li>Je contribue au bon fonctionnement de la salle de classe.<\/li><li>J&rsquo;accepte les cons\u00e9quences de mes actions.\u00a0<\/li><li>Je fais des gestes r\u00e9parateurs.\u00a0<\/li><\/ul><\/div>\n\t\t\t\t\t\t\t<\/div>\n\t\t<\/div>\n\t\t\t\t\t\t<\/div>\n\t\t\t\t<\/div>\n\t\t\t\t\t<\/div>\n\t\t<\/div>\n\t\t\t\t\t<\/div>\n\t\t<\/section>\n\t\t\t\t<section class=\"elementor-section elementor-top-section elementor-element elementor-element-b5eb797 elementor-section-boxed elementor-section-height-default elementor-section-height-default\" data-id=\"b5eb797\" data-element_type=\"section\" data-e-type=\"section\" data-settings=\"{&quot;jet_parallax_layout_list&quot;:[{&quot;jet_parallax_layout_image&quot;:{&quot;url&quot;:&quot;&quot;,&quot;id&quot;:&quot;&quot;,&quot;size&quot;:&quot;&quot;},&quot;_id&quot;:&quot;0f122b3&quot;,&quot;jet_parallax_layout_image_tablet&quot;:{&quot;url&quot;:&quot;&quot;,&quot;id&quot;:&quot;&quot;,&quot;size&quot;:&quot;&quot;},&quot;jet_parallax_layout_image_mobile&quot;:{&quot;url&quot;:&quot;&quot;,&quot;id&quot;:&quot;&quot;,&quot;size&quot;:&quot;&quot;},&quot;jet_parallax_layout_speed&quot;:{&quot;unit&quot;:&quot;%&quot;,&quot;size&quot;:50,&quot;sizes&quot;:[]},&quot;jet_parallax_layout_type&quot;:&quot;scroll&quot;,&quot;jet_parallax_layout_direction&quot;:&quot;1&quot;,&quot;jet_parallax_layout_fx_direction&quot;:null,&quot;jet_parallax_layout_z_index&quot;:&quot;&quot;,&quot;jet_parallax_layout_bg_x&quot;:50,&quot;jet_parallax_layout_bg_x_tablet&quot;:&quot;&quot;,&quot;jet_parallax_layout_bg_x_mobile&quot;:&quot;&quot;,&quot;jet_parallax_layout_bg_y&quot;:50,&quot;jet_parallax_layout_bg_y_tablet&quot;:&quot;&quot;,&quot;jet_parallax_layout_bg_y_mobile&quot;:&quot;&quot;,&quot;jet_parallax_layout_bg_size&quot;:&quot;auto&quot;,&quot;jet_parallax_layout_bg_size_tablet&quot;:&quot;&quot;,&quot;jet_parallax_layout_bg_size_mobile&quot;:&quot;&quot;,&quot;jet_parallax_layout_animation_prop&quot;:&quot;transform&quot;,&quot;jet_parallax_layout_on&quot;:[&quot;desktop&quot;,&quot;tablet&quot;]}]}\">\n\t\t\t\t\t\t<div class=\"elementor-container elementor-column-gap-no\">\n\t\t\t\t\t<div class=\"elementor-column elementor-col-100 elementor-top-column elementor-element elementor-element-7059349\" data-id=\"7059349\" data-element_type=\"column\" data-e-type=\"column\">\n\t\t\t<div class=\"elementor-widget-wrap elementor-element-populated\">\n\t\t\t\t\t\t<div class=\"elementor-element elementor-element-5e3a553 elementor-widget elementor-widget-heading\" data-id=\"5e3a553\" data-element_type=\"widget\" data-e-type=\"widget\" data-widget_type=\"heading.default\">\n\t\t\t\t<div class=\"elementor-widget-container\">\n\t\t\t\t\t<h2 class=\"elementor-heading-title elementor-size-default\">Notre plan de pr\u00e9vention et d'intervention de l'intimidation<\/h2>\t\t\t\t<\/div>\n\t\t\t\t<\/div>\n\t\t\t\t<div class=\"elementor-element elementor-element-8cc6694 elementor-widget elementor-widget-text-editor\" data-id=\"8cc6694\" data-element_type=\"widget\" data-e-type=\"widget\" data-widget_type=\"text-editor.default\">\n\t\t\t\t<div class=\"elementor-widget-container\">\n\t\t\t\t\t\t\t\t\t<p><span dir=\"ltr\">Le <a href=\"https:\/\/sj.csdcab.ca\/wp-content\/uploads\/sites\/10\/2025\/12\/SJ_Plan-de-prevention-et-intervention-en-matiere-dintimidation-2025_2027.pdf\" target=\"_blank\" rel=\"noopener\">Plan de pr\u00e9vention et d\u2019intervention en mati\u00e8re d\u2019intimidation 2025-2027<\/a> vise \u00e0 assurer le climat scolaire positif de notre \u00e9cole. Il est r\u00e9vis\u00e9 annuellement.<\/span><\/p>\t\t\t\t\t\t\t\t<\/div>\n\t\t\t\t<\/div>\n\t\t\t\t\t<\/div>\n\t\t<\/div>\n\t\t\t\t\t<\/div>\n\t\t<\/section>\n\t\t\t\t<section class=\"elementor-section elementor-top-section elementor-element elementor-element-b759c1d elementor-section-boxed elementor-section-height-default elementor-section-height-default\" data-id=\"b759c1d\" data-element_type=\"section\" data-e-type=\"section\" data-settings=\"{&quot;jet_parallax_layout_list&quot;:[{&quot;jet_parallax_layout_image&quot;:{&quot;url&quot;:&quot;&quot;,&quot;id&quot;:&quot;&quot;,&quot;size&quot;:&quot;&quot;},&quot;_id&quot;:&quot;9583375&quot;,&quot;jet_parallax_layout_image_tablet&quot;:{&quot;url&quot;:&quot;&quot;,&quot;id&quot;:&quot;&quot;,&quot;size&quot;:&quot;&quot;},&quot;jet_parallax_layout_image_mobile&quot;:{&quot;url&quot;:&quot;&quot;,&quot;id&quot;:&quot;&quot;,&quot;size&quot;:&quot;&quot;},&quot;jet_parallax_layout_speed&quot;:{&quot;unit&quot;:&quot;%&quot;,&quot;size&quot;:50,&quot;sizes&quot;:[]},&quot;jet_parallax_layout_type&quot;:&quot;scroll&quot;,&quot;jet_parallax_layout_direction&quot;:&quot;1&quot;,&quot;jet_parallax_layout_fx_direction&quot;:null,&quot;jet_parallax_layout_z_index&quot;:&quot;&quot;,&quot;jet_parallax_layout_bg_x&quot;:50,&quot;jet_parallax_layout_bg_x_tablet&quot;:&quot;&quot;,&quot;jet_parallax_layout_bg_x_mobile&quot;:&quot;&quot;,&quot;jet_parallax_layout_bg_y&quot;:50,&quot;jet_parallax_layout_bg_y_tablet&quot;:&quot;&quot;,&quot;jet_parallax_layout_bg_y_mobile&quot;:&quot;&quot;,&quot;jet_parallax_layout_bg_size&quot;:&quot;auto&quot;,&quot;jet_parallax_layout_bg_size_tablet&quot;:&quot;&quot;,&quot;jet_parallax_layout_bg_size_mobile&quot;:&quot;&quot;,&quot;jet_parallax_layout_animation_prop&quot;:&quot;transform&quot;,&quot;jet_parallax_layout_on&quot;:[&quot;desktop&quot;,&quot;tablet&quot;]}],&quot;background_background&quot;:&quot;classic&quot;}\">\n\t\t\t\t\t\t<div class=\"elementor-container elementor-column-gap-no\">\n\t\t\t\t\t<div class=\"elementor-column elementor-col-100 elementor-top-column elementor-element elementor-element-3b41286\" data-id=\"3b41286\" data-element_type=\"column\" data-e-type=\"column\">\n\t\t\t<div class=\"elementor-widget-wrap\">\n\t\t\t\t\t\t\t<\/div>\n\t\t<\/div>\n\t\t\t\t\t<\/div>\n\t\t<\/section>\n\t\t\t\t<\/div>\n\t\t","protected":false},"excerpt":{"rendered":"<p>Notre \u00e9cole L&rsquo;\u00e9cole St-Joseph est un milieu de vie o\u00f9 chacun a le droit et la possibilit\u00e9 de s&rsquo;\u00e9panouir pleinement. En offrant une \u00e9ducation francophone catholique de qualit\u00e9, nous accompagnons nos \u00e9l\u00e8ves afin qu&rsquo;ils soient autonomes, responsables et mieux pr\u00e9par\u00e9s pour l&rsquo;avenir. Dans un environnement s\u00e9curitaire, valorisant et inclusif, et gr\u00e2ce \u00e0 la collaboration et [&hellip;]<\/p>\n","protected":false},"author":1,"featured_media":0,"parent":196,"menu_order":1,"comment_status":"closed","ping_status":"closed","template":"elementor_header_footer","meta":{"_mc_calendar":[],"footnotes":""},"class_list":["post-198","page","type-page","status-publish","hentry"],"yoast_head":"<!-- This site is optimized with the Yoast SEO plugin v28.3 - https:\/\/yoast.com\/product\/yoast-seo-wordpress\/ -->\n<title>Climat scolaire - \u00c9cole St-Joseph<\/title>\n<meta name=\"robots\" content=\"index, follow, max-snippet:-1, max-image-preview:large, max-video-preview:-1\" \/>\n<link rel=\"canonical\" href=\"https:\/\/sj.csdcab.ca\/en\/notre-ecole\/climat-scolaire\/\" \/>\n<meta property=\"og:locale\" content=\"en_US\" \/>\n<meta property=\"og:type\" content=\"article\" \/>\n<meta property=\"og:title\" content=\"Climat scolaire - \u00c9cole St-Joseph\" \/>\n<meta property=\"og:description\" content=\"Notre \u00e9cole L&rsquo;\u00e9cole St-Joseph est un milieu de vie o\u00f9 chacun a le droit et la possibilit\u00e9 de s&rsquo;\u00e9panouir pleinement. En offrant une \u00e9ducation francophone catholique de qualit\u00e9, nous accompagnons nos \u00e9l\u00e8ves afin qu&rsquo;ils soient autonomes, responsables et mieux pr\u00e9par\u00e9s pour l&rsquo;avenir. Dans un environnement s\u00e9curitaire, valorisant et inclusif, et gr\u00e2ce \u00e0 la collaboration et [&hellip;]\" \/>\n<meta property=\"og:url\" content=\"https:\/\/sj.csdcab.ca\/en\/notre-ecole\/climat-scolaire\/\" \/>\n<meta property=\"og:site_name\" content=\"\u00c9cole St-Joseph\" \/>\n<meta property=\"article:modified_time\" content=\"2025-12-17T21:40:28+00:00\" \/>\n<meta property=\"og:image\" content=\"https:\/\/sj.csdcab.ca\/wp-content\/uploads\/sites\/10\/2021\/10\/Mission_SJ.png\" \/>\n\t<meta property=\"og:image:width\" content=\"1000\" \/>\n\t<meta property=\"og:image:height\" content=\"1000\" \/>\n\t<meta property=\"og:image:type\" content=\"image\/png\" \/>\n<meta name=\"twitter:card\" content=\"summary_large_image\" \/>\n<meta name=\"twitter:label1\" content=\"Est. reading time\" \/>\n\t<meta name=\"twitter:data1\" content=\"4 minutes\" \/>\n<script type=\"application\/ld+json\" class=\"yoast-schema-graph\">{\"@context\":\"https:\\\/\\\/schema.org\",\"@graph\":[{\"@type\":\"WebPage\",\"@id\":\"https:\\\/\\\/sj.csdcab.ca\\\/notre-ecole\\\/climat-scolaire\\\/\",\"url\":\"https:\\\/\\\/sj.csdcab.ca\\\/notre-ecole\\\/climat-scolaire\\\/\",\"name\":\"Climat scolaire - \u00c9cole St-Joseph\",\"isPartOf\":{\"@id\":\"https:\\\/\\\/sj.csdcab.ca\\\/en\\\/#website\"},\"primaryImageOfPage\":{\"@id\":\"https:\\\/\\\/sj.csdcab.ca\\\/notre-ecole\\\/climat-scolaire\\\/#primaryimage\"},\"image\":{\"@id\":\"https:\\\/\\\/sj.csdcab.ca\\\/notre-ecole\\\/climat-scolaire\\\/#primaryimage\"},\"thumbnailUrl\":\"https:\\\/\\\/sj.csdcab.ca\\\/wp-content\\\/uploads\\\/sites\\\/10\\\/2021\\\/10\\\/Mission_SJ.png\",\"datePublished\":\"2021-08-10T16:18:50+00:00\",\"dateModified\":\"2025-12-17T21:40:28+00:00\",\"breadcrumb\":{\"@id\":\"https:\\\/\\\/sj.csdcab.ca\\\/notre-ecole\\\/climat-scolaire\\\/#breadcrumb\"},\"inLanguage\":\"en-CA\",\"potentialAction\":[{\"@type\":\"ReadAction\",\"target\":[\"https:\\\/\\\/sj.csdcab.ca\\\/notre-ecole\\\/climat-scolaire\\\/\"]}]},{\"@type\":\"ImageObject\",\"inLanguage\":\"en-CA\",\"@id\":\"https:\\\/\\\/sj.csdcab.ca\\\/notre-ecole\\\/climat-scolaire\\\/#primaryimage\",\"url\":\"https:\\\/\\\/sj.csdcab.ca\\\/wp-content\\\/uploads\\\/sites\\\/10\\\/2021\\\/10\\\/Mission_SJ.png\",\"contentUrl\":\"https:\\\/\\\/sj.csdcab.ca\\\/wp-content\\\/uploads\\\/sites\\\/10\\\/2021\\\/10\\\/Mission_SJ.png\"},{\"@type\":\"BreadcrumbList\",\"@id\":\"https:\\\/\\\/sj.csdcab.ca\\\/notre-ecole\\\/climat-scolaire\\\/#breadcrumb\",\"itemListElement\":[{\"@type\":\"ListItem\",\"position\":1,\"name\":\"Accueil\",\"item\":\"https:\\\/\\\/sj.csdcab.ca\\\/\"},{\"@type\":\"ListItem\",\"position\":2,\"name\":\"Notre \u00e9cole\",\"item\":\"https:\\\/\\\/sj.csdcab.ca\\\/notre-ecole\\\/\"},{\"@type\":\"ListItem\",\"position\":3,\"name\":\"Climat scolaire\"}]},{\"@type\":\"WebSite\",\"@id\":\"https:\\\/\\\/sj.csdcab.ca\\\/en\\\/#website\",\"url\":\"https:\\\/\\\/sj.csdcab.ca\\\/en\\\/\",\"name\":\"\u00c9cole St-Joseph\",\"description\":\"\u00c9cole St-Joseph\",\"potentialAction\":[{\"@type\":\"SearchAction\",\"target\":{\"@type\":\"EntryPoint\",\"urlTemplate\":\"https:\\\/\\\/sj.csdcab.ca\\\/en\\\/?s={search_term_string}\"},\"query-input\":{\"@type\":\"PropertyValueSpecification\",\"valueRequired\":true,\"valueName\":\"search_term_string\"}}],\"inLanguage\":\"en-CA\"}]}<\/script>\n<!-- \/ Yoast SEO plugin. -->","yoast_head_json":{"title":"Climat scolaire - \u00c9cole St-Joseph","robots":{"index":"index","follow":"follow","max-snippet":"max-snippet:-1","max-image-preview":"max-image-preview:large","max-video-preview":"max-video-preview:-1"},"canonical":"https:\/\/sj.csdcab.ca\/en\/notre-ecole\/climat-scolaire\/","og_locale":"en_US","og_type":"article","og_title":"Climat scolaire - \u00c9cole St-Joseph","og_description":"Notre \u00e9cole L&rsquo;\u00e9cole St-Joseph est un milieu de vie o\u00f9 chacun a le droit et la possibilit\u00e9 de s&rsquo;\u00e9panouir pleinement. En offrant une \u00e9ducation francophone catholique de qualit\u00e9, nous accompagnons nos \u00e9l\u00e8ves afin qu&rsquo;ils soient autonomes, responsables et mieux pr\u00e9par\u00e9s pour l&rsquo;avenir. Dans un environnement s\u00e9curitaire, valorisant et inclusif, et gr\u00e2ce \u00e0 la collaboration et [&hellip;]","og_url":"https:\/\/sj.csdcab.ca\/en\/notre-ecole\/climat-scolaire\/","og_site_name":"\u00c9cole St-Joseph","article_modified_time":"2025-12-17T21:40:28+00:00","og_image":[{"width":1000,"height":1000,"url":"https:\/\/sj.csdcab.ca\/wp-content\/uploads\/sites\/10\/2021\/10\/Mission_SJ.png","type":"image\/png"}],"twitter_card":"summary_large_image","twitter_misc":{"Est. reading time":"4 minutes"},"schema":{"@context":"https:\/\/schema.org","@graph":[{"@type":"WebPage","@id":"https:\/\/sj.csdcab.ca\/notre-ecole\/climat-scolaire\/","url":"https:\/\/sj.csdcab.ca\/notre-ecole\/climat-scolaire\/","name":"Climat scolaire - \u00c9cole St-Joseph","isPartOf":{"@id":"https:\/\/sj.csdcab.ca\/en\/#website"},"primaryImageOfPage":{"@id":"https:\/\/sj.csdcab.ca\/notre-ecole\/climat-scolaire\/#primaryimage"},"image":{"@id":"https:\/\/sj.csdcab.ca\/notre-ecole\/climat-scolaire\/#primaryimage"},"thumbnailUrl":"https:\/\/sj.csdcab.ca\/wp-content\/uploads\/sites\/10\/2021\/10\/Mission_SJ.png","datePublished":"2021-08-10T16:18:50+00:00","dateModified":"2025-12-17T21:40:28+00:00","breadcrumb":{"@id":"https:\/\/sj.csdcab.ca\/notre-ecole\/climat-scolaire\/#breadcrumb"},"inLanguage":"en-CA","potentialAction":[{"@type":"ReadAction","target":["https:\/\/sj.csdcab.ca\/notre-ecole\/climat-scolaire\/"]}]},{"@type":"ImageObject","inLanguage":"en-CA","@id":"https:\/\/sj.csdcab.ca\/notre-ecole\/climat-scolaire\/#primaryimage","url":"https:\/\/sj.csdcab.ca\/wp-content\/uploads\/sites\/10\/2021\/10\/Mission_SJ.png","contentUrl":"https:\/\/sj.csdcab.ca\/wp-content\/uploads\/sites\/10\/2021\/10\/Mission_SJ.png"},{"@type":"BreadcrumbList","@id":"https:\/\/sj.csdcab.ca\/notre-ecole\/climat-scolaire\/#breadcrumb","itemListElement":[{"@type":"ListItem","position":1,"name":"Accueil","item":"https:\/\/sj.csdcab.ca\/"},{"@type":"ListItem","position":2,"name":"Notre \u00e9cole","item":"https:\/\/sj.csdcab.ca\/notre-ecole\/"},{"@type":"ListItem","position":3,"name":"Climat scolaire"}]},{"@type":"WebSite","@id":"https:\/\/sj.csdcab.ca\/en\/#website","url":"https:\/\/sj.csdcab.ca\/en\/","name":"St. Joseph School","description":"St. Joseph School","potentialAction":[{"@type":"SearchAction","target":{"@type":"EntryPoint","urlTemplate":"https:\/\/sj.csdcab.ca\/en\/?s={search_term_string}"},"query-input":{"@type":"PropertyValueSpecification","valueRequired":true,"valueName":"search_term_string"}}],"inLanguage":"en-CA"}]}},"_links":{"self":[{"href":"https:\/\/sj.csdcab.ca\/en\/wp-json\/wp\/v2\/pages\/198","targetHints":{"allow":["GET"]}}],"collection":[{"href":"https:\/\/sj.csdcab.ca\/en\/wp-json\/wp\/v2\/pages"}],"about":[{"href":"https:\/\/sj.csdcab.ca\/en\/wp-json\/wp\/v2\/types\/page"}],"author":[{"embeddable":true,"href":"https:\/\/sj.csdcab.ca\/en\/wp-json\/wp\/v2\/users\/1"}],"replies":[{"embeddable":true,"href":"https:\/\/sj.csdcab.ca\/en\/wp-json\/wp\/v2\/comments?post=198"}],"version-history":[{"count":0,"href":"https:\/\/sj.csdcab.ca\/en\/wp-json\/wp\/v2\/pages\/198\/revisions"}],"up":[{"embeddable":true,"href":"https:\/\/sj.csdcab.ca\/en\/wp-json\/wp\/v2\/pages\/196"}],"wp:attachment":[{"href":"https:\/\/sj.csdcab.ca\/en\/wp-json\/wp\/v2\/media?parent=198"}],"curies":[{"name":"wp","href":"https:\/\/api.w.org\/{rel}","templated":true}]}}